{"id":11,"date":"2017-07-02T15:50:56","date_gmt":"2017-07-02T13:50:56","guid":{"rendered":"http:\/\/sportseniorcourdimanche.com\/?page_id=11"},"modified":"2026-03-09T13:45:54","modified_gmt":"2026-03-09T12:45:54","slug":"presentation-du-club","status":"publish","type":"page","link":"https:\/\/sportseniorcourdimanche.com\/?page_id=11","title":{"rendered":"Pr\u00e9sentation du club"},"content":{"rendered":"\n<h3 class=\"wp-block-heading\"><span style=\"color: #000080\"><strong>Nos Missions<\/strong><\/span><\/h3>\n\n\n\n<ul class=\"wp-block-list\">\n<li><strong><mark style=\"background-color:#FFFFFF\" class=\"has-inline-color has-accent-3-color\">Favoriser l\u2019\u00e9panouissement<\/mark><\/strong> des seniors (50 ans et plus) \u00e0 travers un large panel d\u2019activit\u00e9s sportives, physiques et cognitives accessibles \u00e0 tous.<\/li>\n\n\n\n<li><strong><mark class=\"has-inline-color has-accent-3-color\">Promouvoir la sant\u00e9 et le bien-\u00eatre<\/mark><\/strong> par l\u2019organisation d\u2019activit\u00e9s s\u00e9curis\u00e9es et adapt\u00e9es, visant \u00e0 pr\u00e9server durablement le capital sant\u00e9 des adh\u00e9rents.<\/li>\n\n\n\n<li><strong><mark class=\"has-inline-color has-accent-3-color\">Valoriser l\u2019engagement b\u00e9n\u00e9vole<\/mark><\/strong> en assurant la formation continue de nos animateurs.<\/li>\n\n\n\n<li><strong><mark class=\"has-inline-color has-accent-3-color\">Renforcer le lien social<\/mark><\/strong> gr\u00e2ce \u00e0 l&#8217;organisation de sorties et de s\u00e9jours th\u00e9matiques, alliant sport et culture.<\/li>\n<\/ul>\n\n\n\n<h3 class=\"wp-block-heading\"><span style=\"color: #000080\"><strong>Le Comit\u00e9 Directeur (<em>une \u00e9quipe de 10 personnes<\/em>)<\/strong><\/span><\/h3>\n\n\n\n<ul class=\"wp-block-list\">\n<li><span style=\"color: #000000\">6 femmes et 4 hommes \u00e9lus par l&#8217;Assembl\u00e9e G\u00e9n\u00e9rale le 21 novembre 2024,<\/span><\/li>\n\n\n\n<li><span style=\"color: #000000\">Il est constitu\u00e9 pour 4 ans (2024\/2028), suivant le calendrier olympique d&#8217;\u00e9t\u00e9,<\/span><\/li>\n\n\n\n<li>En son sein est d\u00e9sign\u00e9 un bureau comprenant un pr\u00e9sident et un vice pr\u00e9sident, un secr\u00e9taire, un tr\u00e9sorier et leurs adjoints,<\/li>\n\n\n\n<li>Les statuts de l&#8217;association d\u00e9finissent le r\u00f4le de chacun.<\/li>\n<\/ul>\n\n\n\n<h4 class=\"wp-block-heading\"><span style=\"color: #0000ff\"><strong>Membres du Comit\u00e9 Directeur (2024-2028)<\/strong><\/span><\/h4>\n\n\n\n<ul class=\"wp-block-list\">\n<li><strong><span style=\"color: #000000\">Sylvie BESNARD &#8211; Jean BONORA &#8211; Philippe CECAT &#8211; \u00c9lisabeth CHABOT &#8211; Bernard DECKER &#8211; Eric DELECOLLE &#8211; Myriam MALGUID &#8211; Brigitte MORGANA &#8211; Manuelle THOUMY &#8211; Patricia THORAL<\/span><\/strong><\/li>\n<\/ul>\n\n\n\n<h4 class=\"wp-block-heading\"><span style=\"color: #0000ff\"><strong>Pr\u00e9sidence du club (2024-2028)<\/strong><\/span><\/h4>\n\n\n\n<ul class=\"wp-block-list\">\n<li><strong>Pr\u00e9sidente&nbsp; : Elizabeth CHABOT&nbsp;&nbsp;&nbsp;&nbsp;&nbsp; &#8211;&nbsp; Vice pr\u00e9sident&nbsp; : Bernard DECKER<\/strong><\/li>\n<\/ul>\n\n\n\n<h4 class=\"wp-block-heading\"><span style=\"color: #0000ff\"><strong>Membres du bureau (2024-2028)<\/strong><\/span><\/h4>\n\n\n\n<ul class=\"wp-block-list\">\n<li><strong>Secr\u00e9taire&nbsp; : Manuelle THOUMY &nbsp; &nbsp; &#8211;&nbsp; Secr\u00e9taire adjointe&nbsp; : Myriam MALGUID<\/strong><\/li>\n\n\n\n<li><strong>Tr\u00e9sori\u00e8re&nbsp; : Patricia THORAL &nbsp; &nbsp; &nbsp; &nbsp;&nbsp; &#8211;&nbsp; Tr\u00e9sorier adjoint&nbsp; &nbsp; :&nbsp; Jean BONORA<\/strong><\/li>\n<\/ul>\n\n\n\n<h4 class=\"wp-block-heading\"><strong>Mettre un visage sur les noms des membres du comit\u00e9 directeur :<\/strong> <em><span style=\"color: #ff0000\"><a style=\"color: #ff0000\" href=\"https:\/\/sportseniorcourdimanche.com\/wp-content\/uploads\/2024\/12\/Trombinoscope-Comite-directeur-2024-2028.pdf\">Trombinoscope Comite Directeur 2024 2028<\/a><\/span><\/em><\/h4>\n\n\n\n<h3 class=\"wp-block-heading\"><strong><span style=\"color: #000080\">La commission formation<\/span><\/strong><\/h3>\n\n\n\n<h4 class=\"wp-block-heading\"><strong>Elle g\u00e8re les inscriptions et le suivi aux diverses formations des membres du comit\u00e9 directeur et des animateurs. Elle rend compte de l&#8217;activit\u00e9 lors de l&#8217;assembl\u00e9e g\u00e9n\u00e9rale ordinaire.<\/strong><\/h4>\n\n\n\n<ul class=\"wp-block-list\">\n<li><h4><strong>R\u00e9f\u00e9rente formation :<\/strong> Sylvie BESNARD<\/h4><\/li>\n<\/ul>\n\n\n\n<h3 class=\"wp-block-heading\"><strong><span style=\"color: #000080\">La commission voyage<\/span><\/strong><\/h3>\n\n\n\n<h4 class=\"wp-block-heading\"><strong>Son r\u00f4le est de s\u00e9lectionner et organiser des voyages au sein du club, dans le respect de la l\u00e9gislation.&nbsp;<\/strong><\/h4>\n\n\n\n<ul style=\"line-height:1\" class=\"wp-block-list\">\n<li><h4><strong>R\u00e9f\u00e9rente voyage<\/strong> : Myriam MALGUID<\/h4><\/li>\n\n\n\n<li><h4><strong>Les membres de l&#8217;\u00e9quipe<\/strong>&nbsp;: Philippe CECAT, Chantal BONORA et Manuelle THOUMY<\/h4><\/li>\n<\/ul>\n\n\n\n<h3 class=\"wp-block-heading\"><strong><span style=\"color: #000080\">L&#8217;encadrement des activit\u00e9s : une \u00e9quipe de 30 animateurs\/trices <\/span><\/strong><\/h3>\n\n\n\n<h4 class=\"wp-block-heading\"><strong>L&#8217;encadrement des activit\u00e9s est <strong>principalement <\/strong><\/strong><strong>assur\u00e9 par des animateurs b\u00e9n\u00e9voles seniors. Nous faisons aussi appel \u00e0 des animateurs professionnels quand cela s\u2019av\u00e8re n\u00e9cessaire.<\/strong><\/h4>\n\n\n\n<h4 class=\"wp-block-heading\"><strong>Il est compos\u00e9e de 30 animateurs dont 25 animateurs b\u00e9n\u00e9voles et 5 animateurs professionnels.<br><\/strong><\/h4>\n\n\n\n<h4 class=\"wp-block-heading\"><span style=\"color: #0000ff\"><strong>Animateurs b\u00e9n\u00e9voles&nbsp;<\/strong><\/span><\/h4>\n\n\n\n<table id=\"tablepress-2\" class=\"tablepress tablepress-id-2\">\n<thead>\n<tr class=\"row-1\">\n\t<th class=\"column-1\" style=\"width:20%;\">Activit\u00e9<\/th><th class=\"column-2\" style=\"width:80%;\">Animateurs<\/th>\n<\/tr>\n<\/thead>\n<tbody class=\"row-striping row-hover\">\n<tr class=\"row-2\">\n\t<td class=\"column-1\">Atelier photo\u00a0(2)\u00a0<\/td><td class=\"column-2\"> Eric DELECOLLE \u2013 Patrick SAUTRET<\/td>\n<\/tr>\n<tr class=\"row-3\">\n\t<td class=\"column-1\">Cyclo loisir (1)\u00a0<\/td><td class=\"column-2\"> Didier SAINLOT<\/td>\n<\/tr>\n<tr class=\"row-4\">\n\t<td class=\"column-1\">Danse\u00a0(1)\u00a0<\/td><td class=\"column-2\"> Marie-Pierre BLONDEL<\/td>\n<\/tr>\n<tr class=\"row-5\">\n\t<td class=\"column-1\">Jeux de soci\u00e9t\u00e9s\u00a0(2)\u00a0<\/td><td class=\"column-2\"> C\u00e9sar TERREN \u2013 Philippe BOQUET<\/td>\n<\/tr>\n<tr class=\"row-6\">\n\t<td class=\"column-1\">Marche et randonn\u00e9e (12)\u00a0<\/td><td class=\"column-2\"> Robert ALET \u2013 Eric BONORA \u2013 Philippe BOQUET \u2013 Guy BOUCHAREL \u2013 Alain BOURRIER \u2013 Bernard CABOT \u2013 Philippe CECAT \u2013 Bernard DECKER \u2013 Fernando FERNANDEZ \u2013 Jean-Pierre HULIN \u2013 Alain ROY \u2013 Jean-Pierre THOUMY.<\/td>\n<\/tr>\n<tr class=\"row-7\">\n\t<td class=\"column-1\">Marche nordique (4)\u00a0<\/td><td class=\"column-2\"> Patrick RANC &#8211; Fr\u00e9d\u00e9ric BOMPANE &#8211; Catherine GATY &#8211; Gilles TESTUT<\/td>\n<\/tr>\n<tr class=\"row-8\">\n\t<td class=\"column-1\">M\u00e9moire Dynamique (3)\u00a0<\/td><td class=\"column-2\"> Philippe CECAT \u2013 Elisabeth CHABOT \u2013 Manuelle THOUMY<\/td>\n<\/tr>\n<tr class=\"row-9\">\n\t<td class=\"column-1\">Neuron-Activ\u2019\u00a0(1)\u00a0<\/td><td class=\"column-2\"> Manuelle THOUMY<\/td>\n<\/tr>\n<tr class=\"row-10\">\n\t<td class=\"column-1\">Pickleball (3)\u00a0<\/td><td class=\"column-2\"> Philippe CECAT &#8211; Fr\u00e9d\u00e9ric BOMPANE\u00a0\u2013\u00a0Bernadette CRUCHANT<\/td>\n<\/tr>\n<tr class=\"row-11\">\n\t<td class=\"column-1\">Tennis de table (3)\u00a0<\/td><td class=\"column-2\"> Guy BOUCHAREL \u2013 Robert ALET \u2013 Fr\u00e9d\u00e9ric BOMPANE<\/td>\n<\/tr>\n<tr class=\"row-12\">\n\t<td class=\"column-1\">Tir \u00e0 l\u2019arc (4)\u00a0<\/td><td class=\"column-2\"> Bernard DECKER \u2013 Myriam MALGUID \u2013 Jean-Pierre HULIN \u2013 Alain ROY\u00a0<\/td>\n<\/tr>\n<\/tbody>\n<\/table>\n<!-- #tablepress-2 from cache -->\n\n\n<h4 class=\"wp-block-heading\"><strong style=\"font-size: 1.2em\"><span style=\"color: #0000ff\">Animateurs professionnels<\/span><\/strong><\/h4>\n\n\n\n<div class=\"wp-block-columns is-layout-flex wp-container-core-columns-is-layout-28f84493 wp-block-columns-is-layout-flex\">\n<div class=\"wp-block-column is-layout-flow wp-block-column-is-layout-flow\">\n<table id=\"tablepress-3\" class=\"tablepress tablepress-id-3\">\n<thead>\n<tr class=\"row-1\">\n\t<th class=\"column-1\" style=\"width:60%;\">Activit\u00e9<\/th><th class=\"column-2\" style=\"width:40%;\">Animateur<\/th>\n<\/tr>\n<\/thead>\n<tbody class=\"row-striping row-hover\">\n<tr class=\"row-2\">\n\t<td class=\"column-1\">Gymnastique <\/td><td class=\"column-2\">\u00a0Gr\u00e9gory<\/td>\n<\/tr>\n<tr class=\"row-3\">\n\t<td class=\"column-1\">Jeux d\u2019art et cr\u00e9ativit\u00e9 (Th\u00e9\u00e2tre) <\/td><td class=\"column-2\">\u00a0B\u00e9reng\u00e8re<\/td>\n<\/tr>\n<tr class=\"row-4\">\n\t<td class=\"column-1\">Ta\u00ef chi <\/td><td class=\"column-2\">\u00a0Patrick<\/td>\n<\/tr>\n<tr class=\"row-5\">\n\t<td class=\"column-1\">Yoga \u00e9nergie <\/td><td class=\"column-2\">\u00a0Denise<\/td>\n<\/tr>\n<tr class=\"row-6\">\n\t<td class=\"column-1\">Zumba Gold et Pilates <\/td><td class=\"column-2\">\u00a0Fr\u00e9d\u00e9rique<\/td>\n<\/tr>\n<\/tbody>\n<\/table>\n<!-- #tablepress-3 from cache --><\/div>\n\n\n\n<div class=\"wp-block-column is-layout-flow wp-block-column-is-layout-flow\"><\/div>\n<\/div>\n\n\n\n<h4 class=\"wp-block-heading\">Mettre un visage sur les noms&nbsp; des animateurs\/trices :&nbsp;<em><strong><span style=\"color: #ff0000\"><\/span><\/strong><\/em><\/h4>\n\n\n\n<h3 class=\"wp-block-heading\"><span style=\"color: #000080\"><strong>L&#8217;\u00e9quipe de r\u00e9f\u00e9rents et coordinateurs d&#8217;activit\u00e9<\/strong><\/span><\/h3>\n\n\n\n<h4 class=\"wp-block-heading\"><strong>Dans chaque discipline, une personne licenci\u00e9e au CSSSC vous repr\u00e9sente aupr\u00e8s du comit\u00e9 directeur. Son r\u00f4le est de relayer l&#8217;information. Elle est d&#8217;autant plus importante lorsque l&#8217;animateur\/trice est ext\u00e9rieur\/e au club.<\/strong><\/h4>\n\n\n\n<div class=\"wp-block-columns is-layout-flex wp-container-core-columns-is-layout-28f84493 wp-block-columns-is-layout-flex\">\n<div class=\"wp-block-column is-layout-flow wp-block-column-is-layout-flow\">\n<table id=\"tablepress-1\" class=\"tablepress tablepress-id-1\">\n<thead>\n<tr class=\"row-1\">\n\t<th class=\"column-1\" style=\"width:60%;\">Activit\u00e9<\/th><th class=\"column-2\" style=\"width:40%;\">R\u00e9f\u00e9rent<\/th>\n<\/tr>\n<\/thead>\n<tbody class=\"row-hover\">\n<tr class=\"row-2\">\n\t<td class=\"column-1\"> Atelier photo <\/td><td class=\"column-2\"> Eric DELECOLLE<\/td>\n<\/tr>\n<tr class=\"row-3\">\n\t<td class=\"column-1\"> Cyclo-loisir <\/td><td class=\"column-2\"> Didier SAINLOT<\/td>\n<\/tr>\n<tr class=\"row-4\">\n\t<td class=\"column-1\"> Danse\u00a0 <\/td><td class=\"column-2\"> Aline BORONIEC<\/td>\n<\/tr>\n<tr class=\"row-5\">\n\t<td class=\"column-1\"> Gymnastique\/stretching <\/td><td class=\"column-2\">\u00a0Martine COURJAL<\/td>\n<\/tr>\n<tr class=\"row-6\">\n\t<td class=\"column-1\"> Jeux d\u2019art et cr\u00e9ativit\u00e9 (Th\u00e9\u00e2tre) <\/td><td class=\"column-2\"> Manuelle THOUMY<\/td>\n<\/tr>\n<tr class=\"row-7\">\n\t<td class=\"column-1\"> Jeux de soci\u00e9t\u00e9 <\/td><td class=\"column-2\"> C\u00e9sar TERREN<\/td>\n<\/tr>\n<tr class=\"row-8\">\n\t<td class=\"column-1\"> Marche et randonn\u00e9e p\u00e9destre <\/td><td class=\"column-2\">\u00a0Philippe CECAT<\/td>\n<\/tr>\n<tr class=\"row-9\">\n\t<td class=\"column-1\"> Marche nordique <\/td><td class=\"column-2\"> Patrick RANC<\/td>\n<\/tr>\n<tr class=\"row-10\">\n\t<td class=\"column-1\"> M\u00e9moire Dynamique <\/td><td class=\"column-2\"> Manuelle THOUMY<\/td>\n<\/tr>\n<tr class=\"row-11\">\n\t<td class=\"column-1\"> Neuron-Activ\u2019 <\/td><td class=\"column-2\"> Manuelle THOUMY<\/td>\n<\/tr>\n<tr class=\"row-12\">\n\t<td class=\"column-1\"> Pickleball <\/td><td class=\"column-2\"> Philippe CECAT<\/td>\n<\/tr>\n<tr class=\"row-13\">\n\t<td class=\"column-1\"> Pilates <\/td><td class=\"column-2\"> Patricia THORAL<\/td>\n<\/tr>\n<tr class=\"row-14\">\n\t<td class=\"column-1\"> Ta\u00ef chi <\/td><td class=\"column-2\">\u00a0Marie-Jeanne LESAING<\/td>\n<\/tr>\n<tr class=\"row-15\">\n\t<td class=\"column-1\"> Tennis de table <\/td><td class=\"column-2\">\u00a0Guy BOUCHAREL<\/td>\n<\/tr>\n<tr class=\"row-16\">\n\t<td class=\"column-1\"> Tir \u00e0 l\u2019arc <\/td><td class=\"column-2\">Alain ROY<\/td>\n<\/tr>\n<tr class=\"row-17\">\n\t<td class=\"column-1\"> Yoga <\/td><td class=\"column-2\"> Dominique ALET<\/td>\n<\/tr>\n<tr class=\"row-18\">\n\t<td class=\"column-1\"> Zumba <\/td><td class=\"column-2\"> L\u00e9ontine DJOSSOUVI<\/td>\n<\/tr>\n<\/tbody>\n<\/table>\n<!-- #tablepress-1 from cache --><\/div>\n\n\n\n<div class=\"wp-block-column is-layout-flow wp-block-column-is-layout-flow\"><\/div>\n<\/div>\n\n\n<p>Mettre un visage sur les noms :\u00a0 <em><strong><span style=\"color: #ff0000\"><a style=\"color: #ff0000\" href=\"https:\/\/sportseniorcourdimanche.com\/wp-content\/uploads\/2026\/02\/CSSSC-Trombinoscope-animateurs-2026-fevr.pdf\" data-wplink-edit=\"true\">CSSSC Trombinoscope animateurs 2026 f\u00e9vr<\/a><\/span><\/strong><\/em><\/p>\n\n\n<h3 class=\"wp-block-heading\"><strong><span style=\"color: #000080\">Administrateurs du site internet du club<\/span><\/strong><\/h3>\n\n\n\n<h4 class=\"wp-block-heading\"><strong>Ils ont pour fonction de mettre \u00e0 jour les informations du club, d&#8217;animer le site d&#8217;actualit\u00e9s diverses, de g\u00e9rer la liste des comptes et des r\u00f4les attribu\u00e9s \u00e0 chacun ainsi que du suivi de l&#8217;acc\u00e8s \u00e0 l&#8217;espace priv\u00e9.<\/strong><\/h4>\n\n\n\n<ul class=\"wp-block-list\">\n<li><h4><strong>Administrateurs : Alain BOURRIER et Jean-Pierre THOUMY<\/strong><\/h4><\/li>\n<\/ul>\n\n\n\n<h3 class=\"wp-block-heading\"><span style=\"color: #000080\"><strong>Le journal num\u00e9rique &#8220;CouliSSeS.Com&#8221;<\/strong><\/span><\/h3>\n\n\n\n<h4 class=\"wp-block-heading\"><strong>Un comit\u00e9 de r\u00e9daction s&#8217;occupe de rassembler et s\u00e9lectionner les articles propos\u00e9s par les adh\u00e9rents, de les mettre en forme, de la mise en page et de la diffusion num\u00e9rique (<em>pas de tirage papier<\/em>)<\/strong><\/h4>\n\n\n\n<ul class=\"wp-block-list\">\n<li><h4><strong>L&#8217;\u00e9quipe \u00e9ditoriale : Marie-Pierre BLONDEL, Jean-Pierre HULIN, Myriam MALGUID et Manuelle THOUMY<\/strong><\/h4><\/li>\n<\/ul>\n\n\n\n<h3 class=\"wp-block-heading\"><strong><span style=\"color: #000080\">Cotisation d&#8217;adh\u00e9sion au CSSSC pour 2025\/2026 (hors activit\u00e9s)<\/span><\/strong><\/h3>\n\n\n\n<div class=\"wp-block-columns is-layout-flex wp-container-core-columns-is-layout-28f84493 wp-block-columns-is-layout-flex\">\n<div class=\"wp-block-column is-layout-flow wp-block-column-is-layout-flow\" style=\"flex-basis:60%\">\n<table id=\"tablepress-4\" class=\"tablepress tablepress-id-4\">\n<thead>\n<tr class=\"row-1\">\n\t<th class=\"column-1\">Profil de l&#8217;adh\u00e9rent<\/th><th class=\"column-2\">Individuel<\/th><th class=\"column-3\">Couple<\/th>\n<\/tr>\n<\/thead>\n<tbody class=\"row-striping row-hover\">\n<tr class=\"row-2\">\n\t<td class=\"column-1\">Adh\u00e9sion compl\u00e8te (incluant licence FFSpT)<\/td><td class=\"column-2\">51 \u20ac<\/td><td class=\"column-3\">94 \u20ac<\/td>\n<\/tr>\n<tr class=\"row-3\">\n\t<td class=\"column-1\">D\u00e9j\u00e0 licenci\u00e9 FFSpT (autre club)<\/td><td class=\"column-2\">17 \u20ac<\/td><td class=\"column-3\">\u2014<\/td>\n<\/tr>\n<tr class=\"row-4\">\n\t<td class=\"column-1\">Licenci\u00e9 autre f\u00e9d\u00e9ration<\/td><td class=\"column-2\">51 \u20ac<\/td><td class=\"column-3\">94 \u20ac<\/td>\n<\/tr>\n<\/tbody>\n<tfoot>\n<tr class=\"row-5\">\n\t<th colspan=\"3\" class=\"column-1\">FFSpT: F\u00e9d\u00e9ration Fran\u00e7aise Sport pour Tous<\/th>\n<\/tr>\n<\/tfoot>\n<\/table>\n<!-- #tablepress-4 from cache --><\/div>\n\n\n\n<div class=\"wp-block-column is-layout-flow wp-block-column-is-layout-flow\" style=\"flex-basis:40%\"><\/div>\n<\/div>\n\n\n\n<h3 class=\"wp-block-heading\"><strong><span style=\"color: #000080\">Cotisations aux activit\u00e9s<\/span><\/strong><\/h3>\n\n\n\n<h4 class=\"wp-block-heading\"><strong>Une cotisation est demand\u00e9e pour chaque activit\u00e9 souscrite. Son montant est essentiellement bas\u00e9 sur le co\u00fbt de l&#8217;activit\u00e9 pour le club. Les cotisations sont r\u00e9\u00e9valu\u00e9es en comit\u00e9 directeur chaque ann\u00e9e et sont consultables sur le bulletin d\u2019inscription de la saison concern\u00e9e.<\/strong><\/h4>\n\n\n\n<h4 class=\"wp-block-heading\"><strong>Nota : Adh\u00e9rents et non-adh\u00e9rents peuvent b\u00e9n\u00e9ficier d\u2019une s\u00e9ance d&#8217;essai gratuite par activit\u00e9. L<\/strong><strong>es participants ext\u00e9rieurs ne sont pas couverts par l\u2019assurance du club lors de cet essai. Pour poursuivre l&#8217;activit\u00e9 au-del\u00e0 de cette s\u00e9ance, l&#8217;inscription et le r\u00e8glement de la cotisation deviennent obligatoires.<\/strong><\/h4>\n\n\n\n<p><\/p>\n","protected":false},"excerpt":{"rendered":"<p>Nos Missions Le Comit\u00e9 Directeur (une \u00e9quipe de 10 personnes) Membres du Comit\u00e9 Directeur (2024-2028) Pr\u00e9sidence du club (2024-2028) Membres du bureau (2024-2028) Mettre un visage sur les noms des membres du comit\u00e9 directeur : Trombinoscope Comite Directeur 2024 2028 La commission formation Elle g\u00e8re les inscriptions et le suivi aux diverses formations des membres [&hellip;]<\/p>\n","protected":false},"author":3,"featured_media":0,"parent":9,"menu_order":0,"comment_status":"closed","ping_status":"closed","template":"le-club","meta":{"footnotes":""},"class_list":["post-11","page","type-page","status-publish","hentry"],"_links":{"self":[{"href":"https:\/\/sportseniorcourdimanche.com\/index.php?rest_route=\/wp\/v2\/pages\/11","targetHints":{"allow":["GET"]}}],"collection":[{"href":"https:\/\/sportseniorcourdimanche.com\/index.php?rest_route=\/wp\/v2\/pages"}],"about":[{"href":"https:\/\/sportseniorcourdimanche.com\/index.php?rest_route=\/wp\/v2\/types\/page"}],"author":[{"embeddable":true,"href":"https:\/\/sportseniorcourdimanche.com\/index.php?rest_route=\/wp\/v2\/users\/3"}],"replies":[{"embeddable":true,"href":"https:\/\/sportseniorcourdimanche.com\/index.php?rest_route=%2Fwp%2Fv2%2Fcomments&post=11"}],"version-history":[{"count":254,"href":"https:\/\/sportseniorcourdimanche.com\/index.php?rest_route=\/wp\/v2\/pages\/11\/revisions"}],"predecessor-version":[{"id":15647,"href":"https:\/\/sportseniorcourdimanche.com\/index.php?rest_route=\/wp\/v2\/pages\/11\/revisions\/15647"}],"up":[{"embeddable":true,"href":"https:\/\/sportseniorcourdimanche.com\/index.php?rest_route=\/wp\/v2\/pages\/9"}],"wp:attachment":[{"href":"https:\/\/sportseniorcourdimanche.com\/index.php?rest_route=%2Fwp%2Fv2%2Fmedia&parent=11"}],"curies":[{"name":"wp","href":"https:\/\/api.w.org\/{rel}","templated":true}]}}